{"id":4202,"date":"2024-06-11T12:19:55","date_gmt":"2024-06-11T12:19:55","guid":{"rendered":"https:\/\/araninmobiliaria.com.mx\/?page_id=4202"},"modified":"2024-06-12T21:15:09","modified_gmt":"2024-06-12T21:15:09","slug":"inicio","status":"publish","type":"page","link":"https:\/\/araninmobiliaria.com.mx\/","title":{"rendered":"Inicio"},"content":{"rendered":"<div class=\"wpb-content-wrapper\"><p>[vc_row][vc_column][vc_empty_space height=\u00bb25px\u00bb][vc_empty_space][vc_custom_heading text=\u00bbPropiedades en Venta\u00bb font_container=\u00bbtag:h1|text_align:center|color:%236f253c\u00bb use_theme_fonts=\u00bbyes\u00bb css=\u00bb\u00bb][vc_empty_space]<div class=\"ere-property-wrap\">\n    <div class=\"ere-property clearfix property-grid \" >\n                            <div class=\"property-content col-gap-30 clearfix columns-3 columns-md-3 columns-sm-2 columns-xs-1 columns-mb-1\">\n                                <div class=\"ere-item-wrap property-item mg-bottom-30 ere-property-is-featured\">\n\t<div class=\"property-inner\">\n        <div class=\"property-image\">\r\n    <img fetchpriority=\"high\" decoding=\"async\" width=\"330\"\r\n     height=\"180\"\r\n     src=\"https:\/\/araninmobiliaria.com.mx\/wp-content\/uploads\/2025\/10\/Imagen-de-WhatsApp-2025-07-27-a-las-18.05.50_63bef67a-330x180.jpg\"\r\n     onerror=\"this.src = 'https:\/\/araninmobiliaria.com.mx\/wp-content\/plugins\/essential-real-estate\/public\/assets\/images\/map-marker-icon.png';\"\r\n     alt=\"GUADALAJARA CENTRO CASA EN VENTA\"\r\n     title=\"GUADALAJARA CENTRO CASA EN VENTA\">\r\n\r\n<div class=\"ere__loop-property-action property-action\">\r\n    <a data-toggle=\"tooltip\"\r\n   title=\"(44) Fotos\"\r\n   data-property-id=\"6548\"\r\n   href=\"javascript:void(0)\" class=\"property-view-gallery ere__loop-property_action-item\">\r\n    <i class=\"fa fa-camera\"><\/i>\r\n<\/a>\r\n<a href=\"javascript:void(0)\" class=\"property-favorite ere__loop-property_action-item\" data-property-id=\"6548\"\r\n   data-toggle=\"tooltip\"\r\n   title=\"Agregar a favorita\"\r\n   data-title-not-favorite=\"Agregar a favorita\"\r\n   data-title-favorited=\"Es mi favorita\"\r\n   data-icon-not-favorite=\"fa fa-star-o\"\r\n   data-icon-favorited=\"fa fa-star\">\r\n    <i class=\"fa fa-star-o\"><\/i>\r\n<\/a>\r\n<a class=\"compare-property ere__loop-property_action-item\" href=\"javascript:void(0)\"\r\n   data-property-id=\"6548\" data-toggle=\"tooltip\"\r\n   title=\"Comparar\">\r\n    <i class=\"fa fa-plus\"><\/i>\r\n<\/a>\r\n<\/div><div class=\"ere__loop-property-badge ere__lpb-featured-label\">\r\n            <span class=\"ere__loop-property-badge-item ere__featured\">\r\n    <span class=\"ere__lpbi-inner\">\r\n        Destacados    <\/span>\r\n<\/span>\r\n    <\/div>\r\n<div class=\"ere__loop-property-badge ere__lpb-status\">\r\n                    <span class=\"ere__loop-property-badge-item ere__term-status venta\" >\r\n            <span class=\"ere__lpbi-inner\">\r\n                Venta            <\/span>\r\n        <\/span>\r\n    <\/div>\r\n<a class=\"property-link\" href=\"https:\/\/araninmobiliaria.com.mx\/?property=guadalajara-centro-casa-en-venta\" title=\"GUADALAJARA CENTRO CASA EN VENTA\"><\/a>\r\n<\/div>\r\n\r\n\t\t<div class=\"property-item-content\">\n\t\t\t<div class=\"property-heading\">\n                <h2 class=\"property-title\">\n    <a href=\"https:\/\/araninmobiliaria.com.mx\/?property=guadalajara-centro-casa-en-venta\" title=\"GUADALAJARA CENTRO CASA EN VENTA\">GUADALAJARA CENTRO CASA EN VENTA<\/a>\n<\/h2>\n\t<span class=\"property-price ere__loop-property-price\">\n\t\t\t\t$9,400,000\t\t\t<\/span>\n\t\t\t<\/div>\n            <div class=\"property-element-inline\">\r\n    <div class=\"property-type-list\"><i class=\"fa fa-tag\"><\/i><a href=\"https:\/\/araninmobiliaria.com.mx\/?property-type=casa\" rel=\"tag\">Casa<\/a><\/div><div class=\"property-date\">\r\n    <i class=\"fa fa-calendar\"><\/i>\r\n    Hace 6 meses <\/div>\r\n<\/div>\r\n<div class=\"property-excerpt\">\r\n    <p>\u00a1Oportunidad \u00danica en el Coraz\u00f3n de Guadalajara! Casa Remodelada en Venta \u2013 Ideal para Hostal o Casa Habitaci\u00f3n \u00a1Haz Historia en el Centro de Guadalajara! Imagina vivir o invertir en una propiedad que combina ubicaci\u00f3n privilegiada, versatilidad y rentabilidad comprobada.<\/p>\n<\/div>\r\n<div class=\"ere__loop-property-info property-info layout-1\">\r\n    <div class=\"property-info-inner\">\r\n        <div class=\"ere__loop-property-info-item property-area\" data-toggle=\"tooltip\" title=\"Tama\u00f1o\">\r\n    <i class=\"fa fa-arrows\"><\/i>\r\n    <div class=\"ere__lpi-content\">\r\n        <span class=\"ere__lpi-value\">281 m<sup>2<\/sup><\/span>\r\n        <span class=\"ere__lpi-label\">Tama\u00f1o<\/span>\r\n    <\/div>\r\n<\/div>\r\n\r\n<div class=\"ere__loop-property-info-item property-bedrooms\" data-toggle=\"tooltip\" title=\"10 Dormitorios\">\r\n    <i class=\"fa fa-hotel\"><\/i>\r\n    <div class=\"ere__lpi-content\">\r\n        <span class=\"ere__lpi-value\">10<\/span>\r\n        <span class=\"ere__lpi-label\">Habitaci\u00f3n<\/span>\r\n    <\/div>\r\n<\/div><div class=\"ere__loop-property-info-item property-bathrooms\" data-toggle=\"tooltip\" title=\"6 Ba\u00f1os\">\r\n    <i class=\"fa fa-bath\"><\/i>\r\n    <div class=\"ere__lpi-content\">\r\n        <span class=\"ere__lpi-value\">6<\/span>\r\n        <span class=\"ere__lpi-label\">Ba\u00f1o<\/span>\r\n    <\/div>\r\n<\/div>\r\n    <\/div>\r\n<\/div>\r\n\n\t\t<\/div>\n\t<\/div>\n<\/div>                    <div class=\"ere-item-wrap property-item mg-bottom-30 ere-property-is-featured\">\n\t<div class=\"property-inner\">\n        <div class=\"property-image\">\r\n    <img decoding=\"async\" width=\"330\"\r\n     height=\"180\"\r\n     src=\"https:\/\/araninmobiliaria.com.mx\/wp-content\/uploads\/2025\/11\/Imagen-de-WhatsApp-2025-11-15-a-las-18.35.05_5ccd2188-330x180.jpg\"\r\n     onerror=\"this.src = 'https:\/\/araninmobiliaria.com.mx\/wp-content\/plugins\/essential-real-estate\/public\/assets\/images\/map-marker-icon.png';\"\r\n     alt=\"PRADOS VALLARTA CASA EN VENTA\"\r\n     title=\"PRADOS VALLARTA CASA EN VENTA\">\r\n\r\n<div class=\"ere__loop-property-action property-action\">\r\n    <a data-toggle=\"tooltip\"\r\n   title=\"(37) Fotos\"\r\n   data-property-id=\"6605\"\r\n   href=\"javascript:void(0)\" class=\"property-view-gallery ere__loop-property_action-item\">\r\n    <i class=\"fa fa-camera\"><\/i>\r\n<\/a>\r\n<a href=\"javascript:void(0)\" class=\"property-favorite ere__loop-property_action-item\" data-property-id=\"6605\"\r\n   data-toggle=\"tooltip\"\r\n   title=\"Agregar a favorita\"\r\n   data-title-not-favorite=\"Agregar a favorita\"\r\n   data-title-favorited=\"Es mi favorita\"\r\n   data-icon-not-favorite=\"fa fa-star-o\"\r\n   data-icon-favorited=\"fa fa-star\">\r\n    <i class=\"fa fa-star-o\"><\/i>\r\n<\/a>\r\n<a class=\"compare-property ere__loop-property_action-item\" href=\"javascript:void(0)\"\r\n   data-property-id=\"6605\" data-toggle=\"tooltip\"\r\n   title=\"Comparar\">\r\n    <i class=\"fa fa-plus\"><\/i>\r\n<\/a>\r\n<\/div><div class=\"ere__loop-property-badge ere__lpb-featured-label\">\r\n            <span class=\"ere__loop-property-badge-item ere__featured\">\r\n    <span class=\"ere__lpbi-inner\">\r\n        Destacados    <\/span>\r\n<\/span>\r\n    <\/div>\r\n<div class=\"ere__loop-property-badge ere__lpb-status\">\r\n                    <span class=\"ere__loop-property-badge-item ere__term-status venta\" >\r\n            <span class=\"ere__lpbi-inner\">\r\n                Venta            <\/span>\r\n        <\/span>\r\n    <\/div>\r\n<a class=\"property-link\" href=\"https:\/\/araninmobiliaria.com.mx\/?property=prados-vallarta-casa-en-venta\" title=\"PRADOS VALLARTA CASA EN VENTA\"><\/a>\r\n<\/div>\r\n\r\n\t\t<div class=\"property-item-content\">\n\t\t\t<div class=\"property-heading\">\n                <h2 class=\"property-title\">\n    <a href=\"https:\/\/araninmobiliaria.com.mx\/?property=prados-vallarta-casa-en-venta\" title=\"PRADOS VALLARTA CASA EN VENTA\">PRADOS VALLARTA CASA EN VENTA<\/a>\n<\/h2>\n\t<span class=\"property-price ere__loop-property-price\">\n\t\t\t\t$9,650,000\t\t\t<\/span>\n\t\t\t<\/div>\n            <div class=\"property-location ere__loop-property-location\" title=\"Calle A Las Rocas #122, Col. Prados Vallarta, Zapopan, Jalisco, C.P. 45020\">\n\t<i class=\"fa fa-map-marker\"><\/i>\n\t<a target=\"_blank\" href=\"http:\/\/maps.google.com\/?q=Calle%20A%20Las%20Rocas%20#122,%20Col.%20Prados%20Vallarta,%20Zapopan,%20Jalisco,%20C.P.%2045020\"><span>Calle A Las Rocas #122, Col. Prados Vallarta, Zapopan, Jalisco, C.P. 45020<\/span><\/a>\n<\/div>\n<div class=\"property-element-inline\">\r\n    <div class=\"property-type-list\"><i class=\"fa fa-tag\"><\/i><a href=\"https:\/\/araninmobiliaria.com.mx\/?property-type=casa\" rel=\"tag\">Casa<\/a><\/div><div class=\"property-date\">\r\n    <i class=\"fa fa-calendar\"><\/i>\r\n    Hace 5 meses <\/div>\r\n<\/div>\r\n<div class=\"property-excerpt\">\r\n    <p>Casa de Ensue\u00f1o en Venta en Prados Vallarta, Zapopan \u00a1Exclusividad, Seguridad y Confort al Alcance de tu Familia! \u00a1Haz Realidad el Hogar que Siempre So\u00f1aste! Te presentamos una residencia \u00fanica, dise\u00f1ada para quienes buscan calidad de vida, confort y una<\/p>\n<\/div>\r\n<div class=\"ere__loop-property-info property-info layout-1\">\r\n    <div class=\"property-info-inner\">\r\n            <\/div>\r\n<\/div>\r\n\n\t\t<\/div>\n\t<\/div>\n<\/div>                    <div class=\"ere-item-wrap property-item mg-bottom-30 ere-property-is-featured\">\n\t<div class=\"property-inner\">\n        <div class=\"property-image\">\r\n    <img decoding=\"async\" width=\"330\"\r\n     height=\"180\"\r\n     src=\"https:\/\/araninmobiliaria.com.mx\/wp-content\/uploads\/2024\/11\/AR1-330x180.jpeg\"\r\n     onerror=\"this.src = 'https:\/\/araninmobiliaria.com.mx\/wp-content\/plugins\/essential-real-estate\/public\/assets\/images\/map-marker-icon.png';\"\r\n     alt=\"FRACC. ZOI SUR RESIDENCIAL CASA EN VENTA\"\r\n     title=\"FRACC. ZOI SUR RESIDENCIAL CASA EN VENTA\">\r\n\r\n<div class=\"ere__loop-property-action property-action\">\r\n    <a data-toggle=\"tooltip\"\r\n   title=\"(29) Fotos\"\r\n   data-property-id=\"5083\"\r\n   href=\"javascript:void(0)\" class=\"property-view-gallery ere__loop-property_action-item\">\r\n    <i class=\"fa fa-camera\"><\/i>\r\n<\/a>\r\n<a href=\"javascript:void(0)\" class=\"property-favorite ere__loop-property_action-item\" data-property-id=\"5083\"\r\n   data-toggle=\"tooltip\"\r\n   title=\"Agregar a favorita\"\r\n   data-title-not-favorite=\"Agregar a favorita\"\r\n   data-title-favorited=\"Es mi favorita\"\r\n   data-icon-not-favorite=\"fa fa-star-o\"\r\n   data-icon-favorited=\"fa fa-star\">\r\n    <i class=\"fa fa-star-o\"><\/i>\r\n<\/a>\r\n<a class=\"compare-property ere__loop-property_action-item\" href=\"javascript:void(0)\"\r\n   data-property-id=\"5083\" data-toggle=\"tooltip\"\r\n   title=\"Comparar\">\r\n    <i class=\"fa fa-plus\"><\/i>\r\n<\/a>\r\n<\/div><div class=\"ere__loop-property-badge ere__lpb-featured-label\">\r\n            <span class=\"ere__loop-property-badge-item ere__featured\">\r\n    <span class=\"ere__lpbi-inner\">\r\n        Destacados    <\/span>\r\n<\/span>\r\n                    <span style=\"--ere-loop-property-badge-bg-color:#fb6a19\" class=\"ere__loop-property-badge-item ere__term-label sale\">\r\n        <span class=\"ere__lpbi-inner\">\r\n            Sale        <\/span>\r\n    <\/span>\r\n    <\/div>\r\n<div class=\"ere__loop-property-badge ere__lpb-status\">\r\n                    <span class=\"ere__loop-property-badge-item ere__term-status venta\" >\r\n            <span class=\"ere__lpbi-inner\">\r\n                Venta            <\/span>\r\n        <\/span>\r\n    <\/div>\r\n<a class=\"property-link\" href=\"https:\/\/araninmobiliaria.com.mx\/?property=fracc-zoi-sur-residencial-casa-en-venta\" title=\"FRACC. ZOI SUR RESIDENCIAL CASA EN VENTA\"><\/a>\r\n<\/div>\r\n\r\n\t\t<div class=\"property-item-content\">\n\t\t\t<div class=\"property-heading\">\n                <h2 class=\"property-title\">\n    <a href=\"https:\/\/araninmobiliaria.com.mx\/?property=fracc-zoi-sur-residencial-casa-en-venta\" title=\"FRACC. ZOI SUR RESIDENCIAL CASA EN VENTA\">FRACC. ZOI SUR RESIDENCIAL CASA EN VENTA<\/a>\n<\/h2>\n\t<span class=\"property-price ere__loop-property-price\">\n\t\t\t\t$2,500,000\t\t\t<\/span>\n\t\t\t<\/div>\n            <div class=\"property-element-inline\">\r\n    <div class=\"property-type-list\"><i class=\"fa fa-tag\"><\/i><a href=\"https:\/\/araninmobiliaria.com.mx\/?property-type=casa\" rel=\"tag\">Casa<\/a><\/div><div class=\"property-agent\">\r\n    <a href=\"https:\/\/araninmobiliaria.com.mx\/?agent=daniel-penagos\" title=\"Daniel Penagos\">\r\n        <i class=\"fa fa-user\"><\/i>\r\n        <span>Daniel Penagos<\/span>\r\n    <\/a>\r\n<\/div>\r\n<div class=\"property-date\">\r\n    <i class=\"fa fa-calendar\"><\/i>\r\n    Hace 1 a\u00f1o <\/div>\r\n<\/div>\r\n<div class=\"property-excerpt\">\r\n    <p>FRACC. ZOI SUR RESIDENCIAL CASA EN VENTA\u00a0 Casa\u00a0en Venta Modelo Ilios Precio $2,500,000 MN Ubicaci\u00f3n Estado Jalisco Municipio Tlajomulco de Z\u00fa\u00f1iga C.P. 45646 Fracc. Zoi Sur Residencial Camino a San Isidro Mazatepc #1540 Calle Zoi Sur 104 Superficies Terreno 90<\/p>\n<\/div>\r\n<div class=\"ere__loop-property-info property-info layout-1\">\r\n    <div class=\"property-info-inner\">\r\n        <div class=\"ere__loop-property-info-item property-area\" data-toggle=\"tooltip\" title=\"Tama\u00f1o\">\r\n    <i class=\"fa fa-arrows\"><\/i>\r\n    <div class=\"ere__lpi-content\">\r\n        <span class=\"ere__lpi-value\">120 m<sup>2<\/sup><\/span>\r\n        <span class=\"ere__lpi-label\">Tama\u00f1o<\/span>\r\n    <\/div>\r\n<\/div>\r\n\r\n<div class=\"ere__loop-property-info-item property-bedrooms\" data-toggle=\"tooltip\" title=\"2 Dormitorios\">\r\n    <i class=\"fa fa-hotel\"><\/i>\r\n    <div class=\"ere__lpi-content\">\r\n        <span class=\"ere__lpi-value\">2<\/span>\r\n        <span class=\"ere__lpi-label\">Habitaci\u00f3n<\/span>\r\n    <\/div>\r\n<\/div><div class=\"ere__loop-property-info-item property-bathrooms\" data-toggle=\"tooltip\" title=\"3 Ba\u00f1os\">\r\n    <i class=\"fa fa-bath\"><\/i>\r\n    <div class=\"ere__lpi-content\">\r\n        <span class=\"ere__lpi-value\">3<\/span>\r\n        <span class=\"ere__lpi-label\">Ba\u00f1o<\/span>\r\n    <\/div>\r\n<\/div>\r\n    <\/div>\r\n<\/div>\r\n\n\t\t<\/div>\n\t<\/div>\n<\/div>                    <div class=\"ere-item-wrap property-item mg-bottom-30 ere-property-is-featured\">\n\t<div class=\"property-inner\">\n        <div class=\"property-image\">\r\n    <img loading=\"lazy\" decoding=\"async\" width=\"330\"\r\n     height=\"180\"\r\n     src=\"https:\/\/araninmobiliaria.com.mx\/wp-content\/uploads\/2025\/05\/AR1-330x180.jpeg\"\r\n     onerror=\"this.src = 'https:\/\/araninmobiliaria.com.mx\/wp-content\/plugins\/essential-real-estate\/public\/assets\/images\/map-marker-icon.png';\"\r\n     alt=\"CIUDAD DEL SOL CASA EN VENTA\"\r\n     title=\"CIUDAD DEL SOL CASA EN VENTA\">\r\n\r\n<div class=\"ere__loop-property-action property-action\">\r\n    <a data-toggle=\"tooltip\"\r\n   title=\"(22) Fotos\"\r\n   data-property-id=\"5899\"\r\n   href=\"javascript:void(0)\" class=\"property-view-gallery ere__loop-property_action-item\">\r\n    <i class=\"fa fa-camera\"><\/i>\r\n<\/a>\r\n<a href=\"javascript:void(0)\" class=\"property-favorite ere__loop-property_action-item\" data-property-id=\"5899\"\r\n   data-toggle=\"tooltip\"\r\n   title=\"Agregar a favorita\"\r\n   data-title-not-favorite=\"Agregar a favorita\"\r\n   data-title-favorited=\"Es mi favorita\"\r\n   data-icon-not-favorite=\"fa fa-star-o\"\r\n   data-icon-favorited=\"fa fa-star\">\r\n    <i class=\"fa fa-star-o\"><\/i>\r\n<\/a>\r\n<a class=\"compare-property ere__loop-property_action-item\" href=\"javascript:void(0)\"\r\n   data-property-id=\"5899\" data-toggle=\"tooltip\"\r\n   title=\"Comparar\">\r\n    <i class=\"fa fa-plus\"><\/i>\r\n<\/a>\r\n<\/div><div class=\"ere__loop-property-badge ere__lpb-featured-label\">\r\n            <span class=\"ere__loop-property-badge-item ere__featured\">\r\n    <span class=\"ere__lpbi-inner\">\r\n        Destacados    <\/span>\r\n<\/span>\r\n                    <span style=\"--ere-loop-property-badge-bg-color:#fb6a19\" class=\"ere__loop-property-badge-item ere__term-label sale\">\r\n        <span class=\"ere__lpbi-inner\">\r\n            Sale        <\/span>\r\n    <\/span>\r\n    <\/div>\r\n<div class=\"ere__loop-property-badge ere__lpb-status\">\r\n                    <span class=\"ere__loop-property-badge-item ere__term-status venta\" >\r\n            <span class=\"ere__lpbi-inner\">\r\n                Venta            <\/span>\r\n        <\/span>\r\n    <\/div>\r\n<a class=\"property-link\" href=\"https:\/\/araninmobiliaria.com.mx\/?property=ciudad-del-sol-casa-en-venta\" title=\"CIUDAD DEL SOL CASA EN VENTA\"><\/a>\r\n<\/div>\r\n\r\n\t\t<div class=\"property-item-content\">\n\t\t\t<div class=\"property-heading\">\n                <h2 class=\"property-title\">\n    <a href=\"https:\/\/araninmobiliaria.com.mx\/?property=ciudad-del-sol-casa-en-venta\" title=\"CIUDAD DEL SOL CASA EN VENTA\">CIUDAD DEL SOL CASA EN VENTA<\/a>\n<\/h2>\n\t<span class=\"property-price ere__loop-property-price\">\n\t\t\t\t$9,700,000\t\t\t<\/span>\n\t\t\t<\/div>\n            <div class=\"property-element-inline\">\r\n    <div class=\"property-type-list\"><i class=\"fa fa-tag\"><\/i><a href=\"https:\/\/araninmobiliaria.com.mx\/?property-type=casa\" rel=\"tag\">Casa<\/a><\/div><div class=\"property-agent\">\r\n    <a href=\"https:\/\/araninmobiliaria.com.mx\/?agent=gildardo-aranda\" title=\"Gildardo Aranda\">\r\n        <i class=\"fa fa-user\"><\/i>\r\n        <span>Gildardo Aranda<\/span>\r\n    <\/a>\r\n<\/div>\r\n<div class=\"property-date\">\r\n    <i class=\"fa fa-calendar\"><\/i>\r\n    Hace 12 meses <\/div>\r\n<\/div>\r\n<div class=\"property-excerpt\">\r\n    <p>CIUDAD DEL SOL CASA EN VENTA Casa en Venta Precio $ 9,700,000 MN Ubicaci\u00f3n Estado Jalisco Municipio Zapopan C.P. 45050 Colonia Ciudad del Sol Calle An\u00e1huac #297 Superficies Terreno 419 mt2 Construcci\u00f3n 359 mt2 Frente 10 m Fondo 41.90 m<\/p>\n<\/div>\r\n<div class=\"ere__loop-property-info property-info layout-1\">\r\n    <div class=\"property-info-inner\">\r\n        <div class=\"ere__loop-property-info-item property-area\" data-toggle=\"tooltip\" title=\"Tama\u00f1o\">\r\n    <i class=\"fa fa-arrows\"><\/i>\r\n    <div class=\"ere__lpi-content\">\r\n        <span class=\"ere__lpi-value\">359 m<sup>2<\/sup><\/span>\r\n        <span class=\"ere__lpi-label\">Tama\u00f1o<\/span>\r\n    <\/div>\r\n<\/div>\r\n\r\n<div class=\"ere__loop-property-info-item property-bedrooms\" data-toggle=\"tooltip\" title=\"4 Dormitorios\">\r\n    <i class=\"fa fa-hotel\"><\/i>\r\n    <div class=\"ere__lpi-content\">\r\n        <span class=\"ere__lpi-value\">4<\/span>\r\n        <span class=\"ere__lpi-label\">Habitaci\u00f3n<\/span>\r\n    <\/div>\r\n<\/div><div class=\"ere__loop-property-info-item property-bathrooms\" data-toggle=\"tooltip\" title=\"3 Ba\u00f1os\">\r\n    <i class=\"fa fa-bath\"><\/i>\r\n    <div class=\"ere__lpi-content\">\r\n        <span class=\"ere__lpi-value\">3<\/span>\r\n        <span class=\"ere__lpi-label\">Ba\u00f1o<\/span>\r\n    <\/div>\r\n<\/div>\r\n    <\/div>\r\n<\/div>\r\n\n\t\t<\/div>\n\t<\/div>\n<\/div>                    <div class=\"ere-item-wrap property-item mg-bottom-30 ere-property-is-featured\">\n\t<div class=\"property-inner\">\n        <div class=\"property-image\">\r\n    <img loading=\"lazy\" decoding=\"async\" width=\"330\"\r\n     height=\"180\"\r\n     src=\"https:\/\/araninmobiliaria.com.mx\/wp-content\/uploads\/2025\/09\/Imagen-de-WhatsApp-2025-09-10-a-las-09.55.40_b5b07d9b-330x180.jpg\"\r\n     onerror=\"this.src = 'https:\/\/araninmobiliaria.com.mx\/wp-content\/plugins\/essential-real-estate\/public\/assets\/images\/map-marker-icon.png';\"\r\n     alt=\"ALVA RESIDENCIAL CAPITAL NORTE CASA NUEVA EN VENTA\"\r\n     title=\"ALVA RESIDENCIAL CAPITAL NORTE CASA NUEVA EN VENTA\">\r\n\r\n<div class=\"ere__loop-property-action property-action\">\r\n    <a data-toggle=\"tooltip\"\r\n   title=\"(22) Fotos\"\r\n   data-property-id=\"6275\"\r\n   href=\"javascript:void(0)\" class=\"property-view-gallery ere__loop-property_action-item\">\r\n    <i class=\"fa fa-camera\"><\/i>\r\n<\/a>\r\n<a href=\"javascript:void(0)\" class=\"property-favorite ere__loop-property_action-item\" data-property-id=\"6275\"\r\n   data-toggle=\"tooltip\"\r\n   title=\"Agregar a favorita\"\r\n   data-title-not-favorite=\"Agregar a favorita\"\r\n   data-title-favorited=\"Es mi favorita\"\r\n   data-icon-not-favorite=\"fa fa-star-o\"\r\n   data-icon-favorited=\"fa fa-star\">\r\n    <i class=\"fa fa-star-o\"><\/i>\r\n<\/a>\r\n<a class=\"compare-property ere__loop-property_action-item\" href=\"javascript:void(0)\"\r\n   data-property-id=\"6275\" data-toggle=\"tooltip\"\r\n   title=\"Comparar\">\r\n    <i class=\"fa fa-plus\"><\/i>\r\n<\/a>\r\n<\/div><div class=\"ere__loop-property-badge ere__lpb-featured-label\">\r\n            <span class=\"ere__loop-property-badge-item ere__featured\">\r\n    <span class=\"ere__lpbi-inner\">\r\n        Destacados    <\/span>\r\n<\/span>\r\n    <\/div>\r\n<div class=\"ere__loop-property-badge ere__lpb-status\">\r\n                    <span class=\"ere__loop-property-badge-item ere__term-status venta\" >\r\n            <span class=\"ere__lpbi-inner\">\r\n                Venta            <\/span>\r\n        <\/span>\r\n    <\/div>\r\n<a class=\"property-link\" href=\"https:\/\/araninmobiliaria.com.mx\/?property=alva-residencial-capital-norte-casa-nueva-en-venta\" title=\"ALVA RESIDENCIAL CAPITAL NORTE CASA NUEVA EN VENTA\"><\/a>\r\n<\/div>\r\n\r\n\t\t<div class=\"property-item-content\">\n\t\t\t<div class=\"property-heading\">\n                <h2 class=\"property-title\">\n    <a href=\"https:\/\/araninmobiliaria.com.mx\/?property=alva-residencial-capital-norte-casa-nueva-en-venta\" title=\"ALVA RESIDENCIAL CAPITAL NORTE CASA NUEVA EN VENTA\">ALVA RESIDENCIAL CAPITAL NORTE CASA NUEVA EN VENTA<\/a>\n<\/h2>\n\t<span class=\"property-price ere__loop-property-price\">\n\t\t\t\t$4,500,000\t\t\t<\/span>\n\t\t\t<\/div>\n            <div class=\"property-location ere__loop-property-location\" title=\"ALVA RESIDENCIAL \">\n\t<i class=\"fa fa-map-marker\"><\/i>\n\t<a target=\"_blank\" href=\"http:\/\/maps.google.com\/?q=ALVA%20RESIDENCIAL%20\"><span>ALVA RESIDENCIAL <\/span><\/a>\n<\/div>\n<div class=\"property-element-inline\">\r\n    <div class=\"property-type-list\"><i class=\"fa fa-tag\"><\/i><a href=\"https:\/\/araninmobiliaria.com.mx\/?property-type=casa\" rel=\"tag\">Casa<\/a><\/div><div class=\"property-date\">\r\n    <i class=\"fa fa-calendar\"><\/i>\r\n    Hace 8 meses <\/div>\r\n<\/div>\r\n<div class=\"property-excerpt\">\r\n    <p>ALVA Residencial Capital Norte Casa Nueva en Venta \u2013 Vive la Exclusividad y el Confort Descubre tu pr\u00f3ximo hogar en ALVA Residencial Capital Norte, donde el dise\u00f1o moderno y la funcionalidad se fusionan para ofrecer una experiencia de vida inigualable.<\/p>\n<\/div>\r\n<div class=\"ere__loop-property-info property-info layout-1\">\r\n    <div class=\"property-info-inner\">\r\n        <div class=\"ere__loop-property-info-item property-area\" data-toggle=\"tooltip\" title=\"Tama\u00f1o\">\r\n    <i class=\"fa fa-arrows\"><\/i>\r\n    <div class=\"ere__lpi-content\">\r\n        <span class=\"ere__lpi-value\">180 m<sup>2<\/sup><\/span>\r\n        <span class=\"ere__lpi-label\">Tama\u00f1o<\/span>\r\n    <\/div>\r\n<\/div>\r\n\r\n<div class=\"ere__loop-property-info-item property-bedrooms\" data-toggle=\"tooltip\" title=\"3 Dormitorios\">\r\n    <i class=\"fa fa-hotel\"><\/i>\r\n    <div class=\"ere__lpi-content\">\r\n        <span class=\"ere__lpi-value\">3<\/span>\r\n        <span class=\"ere__lpi-label\">Habitaci\u00f3n<\/span>\r\n    <\/div>\r\n<\/div><div class=\"ere__loop-property-info-item property-bathrooms\" data-toggle=\"tooltip\" title=\"2.5 Ba\u00f1os\">\r\n    <i class=\"fa fa-bath\"><\/i>\r\n    <div class=\"ere__lpi-content\">\r\n        <span class=\"ere__lpi-value\">2.5<\/span>\r\n        <span class=\"ere__lpi-label\">Ba\u00f1o<\/span>\r\n    <\/div>\r\n<\/div>\r\n    <\/div>\r\n<\/div>\r\n\n\t\t<\/div>\n\t<\/div>\n<\/div>                    <div class=\"ere-item-wrap property-item mg-bottom-30 ere-property-is-featured\">\n\t<div class=\"property-inner\">\n        <div class=\"property-image\">\r\n    <img loading=\"lazy\" decoding=\"async\" width=\"330\"\r\n     height=\"180\"\r\n     src=\"https:\/\/araninmobiliaria.com.mx\/wp-content\/uploads\/2025\/11\/Imagen-de-WhatsApp-2025-11-27-a-las-23.36.25_70c0ee28-330x180.jpg\"\r\n     onerror=\"this.src = 'https:\/\/araninmobiliaria.com.mx\/wp-content\/plugins\/essential-real-estate\/public\/assets\/images\/map-marker-icon.png';\"\r\n     alt=\"CENTAL CHAPULTEPEC DEPARTAMENTO EN VENTA\"\r\n     title=\"CENTAL CHAPULTEPEC DEPARTAMENTO EN VENTA\">\r\n\r\n<div class=\"ere__loop-property-action property-action\">\r\n    <a data-toggle=\"tooltip\"\r\n   title=\"(32) Fotos\"\r\n   data-property-id=\"6677\"\r\n   href=\"javascript:void(0)\" class=\"property-view-gallery ere__loop-property_action-item\">\r\n    <i class=\"fa fa-camera\"><\/i>\r\n<\/a>\r\n<a href=\"javascript:void(0)\" class=\"property-favorite ere__loop-property_action-item\" data-property-id=\"6677\"\r\n   data-toggle=\"tooltip\"\r\n   title=\"Agregar a favorita\"\r\n   data-title-not-favorite=\"Agregar a favorita\"\r\n   data-title-favorited=\"Es mi favorita\"\r\n   data-icon-not-favorite=\"fa fa-star-o\"\r\n   data-icon-favorited=\"fa fa-star\">\r\n    <i class=\"fa fa-star-o\"><\/i>\r\n<\/a>\r\n<a class=\"compare-property ere__loop-property_action-item\" href=\"javascript:void(0)\"\r\n   data-property-id=\"6677\" data-toggle=\"tooltip\"\r\n   title=\"Comparar\">\r\n    <i class=\"fa fa-plus\"><\/i>\r\n<\/a>\r\n<\/div><div class=\"ere__loop-property-badge ere__lpb-featured-label\">\r\n            <span class=\"ere__loop-property-badge-item ere__featured\">\r\n    <span class=\"ere__lpbi-inner\">\r\n        Destacados    <\/span>\r\n<\/span>\r\n    <\/div>\r\n<div class=\"ere__loop-property-badge ere__lpb-status\">\r\n                    <span class=\"ere__loop-property-badge-item ere__term-status venta\" >\r\n            <span class=\"ere__lpbi-inner\">\r\n                Venta            <\/span>\r\n        <\/span>\r\n    <\/div>\r\n<a class=\"property-link\" href=\"https:\/\/araninmobiliaria.com.mx\/?property=cental-chapultepec-departamento-en-venta\" title=\"CENTAL CHAPULTEPEC DEPARTAMENTO EN VENTA\"><\/a>\r\n<\/div>\r\n\r\n\t\t<div class=\"property-item-content\">\n\t\t\t<div class=\"property-heading\">\n                <h2 class=\"property-title\">\n    <a href=\"https:\/\/araninmobiliaria.com.mx\/?property=cental-chapultepec-departamento-en-venta\" title=\"CENTAL CHAPULTEPEC DEPARTAMENTO EN VENTA\">CENTAL CHAPULTEPEC DEPARTAMENTO EN VENTA<\/a>\n<\/h2>\n\t<span class=\"property-price ere__loop-property-price\">\n\t\t\t\t$3,550,000\t\t\t<\/span>\n\t\t\t<\/div>\n            <div class=\"property-element-inline\">\r\n    <div class=\"property-type-list\"><i class=\"fa fa-tag\"><\/i><a href=\"https:\/\/araninmobiliaria.com.mx\/?property-type=casa\" rel=\"tag\">Casa<\/a><\/div><div class=\"property-date\">\r\n    <i class=\"fa fa-calendar\"><\/i>\r\n    Hace 5 meses <\/div>\r\n<\/div>\r\n<div class=\"property-excerpt\">\r\n    <p>CENTRAL CHAPULTEPEC DEPARTAMENTO EN VENTA. DEPARTAMENTO TOTALMENTE NUEVO AMUEBLADO Precio $3,550,000 UBICACION Calle Mexicaltzingo #2136 Int. 702, Col. Americana, Obrera. Guadalajara, Jal. 44150. DESCRIPCION. Terreno. 62 M2. Construcci\u00f3n 62 M2 Frente 4 Fondo 15.5 Caracter\u00edsticas S\u00e9ptimo Nivel Habitaciones 1 Ba\u00f1o<\/p>\n<\/div>\r\n<div class=\"ere__loop-property-info property-info layout-1\">\r\n    <div class=\"property-info-inner\">\r\n        <div class=\"ere__loop-property-info-item property-area\" data-toggle=\"tooltip\" title=\"Tama\u00f1o\">\r\n    <i class=\"fa fa-arrows\"><\/i>\r\n    <div class=\"ere__lpi-content\">\r\n        <span class=\"ere__lpi-value\">62 m<sup>2<\/sup><\/span>\r\n        <span class=\"ere__lpi-label\">Tama\u00f1o<\/span>\r\n    <\/div>\r\n<\/div>\r\n\r\n<div class=\"ere__loop-property-info-item property-bedrooms\" data-toggle=\"tooltip\" title=\"1 Dormitorio\">\r\n    <i class=\"fa fa-hotel\"><\/i>\r\n    <div class=\"ere__lpi-content\">\r\n        <span class=\"ere__lpi-value\">1<\/span>\r\n        <span class=\"ere__lpi-label\">Habitaci\u00f3n<\/span>\r\n    <\/div>\r\n<\/div><div class=\"ere__loop-property-info-item property-bathrooms\" data-toggle=\"tooltip\" title=\"1 Ba\u00f1o\">\r\n    <i class=\"fa fa-bath\"><\/i>\r\n    <div class=\"ere__lpi-content\">\r\n        <span class=\"ere__lpi-value\">1<\/span>\r\n        <span class=\"ere__lpi-label\">Ba\u00f1o<\/span>\r\n    <\/div>\r\n<\/div>\r\n    <\/div>\r\n<\/div>\r\n\n\t\t<\/div>\n\t<\/div>\n<\/div>                                            <\/div>\n                        <\/div>\n<\/div>\n\n[vc_empty_space][vc_btn title=\u00bbVer todos los inmuebles\u00bb color=\u00bbmulled-wine\u00bb align=\u00bbcenter\u00bb css=\u00bb.vc_custom_1718146908208{border-color: #6f253c !important;}\u00bb link=\u00bburl:https%3A%2F%2Faraninmobiliaria.com.mx%2F%3Fpage_id%3D4217&#8243; el_id=\u00bbboton1&#8243; el_class=\u00bbboton1&#8243;][vc_empty_space][\/vc_column][\/vc_row][vc_row][vc_column][vc_empty_space][\/vc_column][\/vc_row][vc_row][vc_column][vc_separator color=\u00bbcustom\u00bb css=\u00bb\u00bb accent_color=\u00bb#6f253c\u00bb][vc_empty_space][vc_custom_heading text=\u00bbPropiedades en Renta\u00bb font_container=\u00bbtag:h1|text_align:center|color:%236f253c\u00bb use_theme_fonts=\u00bbyes\u00bb css=\u00bb\u00bb][vc_empty_space]<div class=\"ere-property-wrap\">\n    <div class=\"ere-property clearfix property-grid \" >\n                            <div class=\"property-content col-gap-30 clearfix columns-3 columns-md-3 columns-sm-2 columns-xs-1 columns-mb-1\">\n                                <div class=\"ere-item-wrap property-item mg-bottom-30 ere-property-is-featured\">\n\t<div class=\"property-inner\">\n        <div class=\"property-image\">\r\n    <img loading=\"lazy\" decoding=\"async\" width=\"330\"\r\n     height=\"180\"\r\n     src=\"https:\/\/araninmobiliaria.com.mx\/wp-content\/uploads\/2025\/09\/Imagen-de-WhatsApp-2025-09-01-a-las-21.11.45_54dddf2a-330x180.jpg\"\r\n     onerror=\"this.src = 'https:\/\/araninmobiliaria.com.mx\/wp-content\/plugins\/essential-real-estate\/public\/assets\/images\/map-marker-icon.png';\"\r\n     alt=\"Departamento en RENTA Amueblado en Planta Alta en Camino Real, Zapopan, Jal.\"\r\n     title=\"Departamento en RENTA Amueblado en Planta Alta en Camino Real, Zapopan, Jal.\">\r\n\r\n<div class=\"ere__loop-property-action property-action\">\r\n    <a data-toggle=\"tooltip\"\r\n   title=\"(13) Fotos\"\r\n   data-property-id=\"6195\"\r\n   href=\"javascript:void(0)\" class=\"property-view-gallery ere__loop-property_action-item\">\r\n    <i class=\"fa fa-camera\"><\/i>\r\n<\/a>\r\n<a href=\"javascript:void(0)\" class=\"property-favorite ere__loop-property_action-item\" data-property-id=\"6195\"\r\n   data-toggle=\"tooltip\"\r\n   title=\"Agregar a favorita\"\r\n   data-title-not-favorite=\"Agregar a favorita\"\r\n   data-title-favorited=\"Es mi favorita\"\r\n   data-icon-not-favorite=\"fa fa-star-o\"\r\n   data-icon-favorited=\"fa fa-star\">\r\n    <i class=\"fa fa-star-o\"><\/i>\r\n<\/a>\r\n<a class=\"compare-property ere__loop-property_action-item\" href=\"javascript:void(0)\"\r\n   data-property-id=\"6195\" data-toggle=\"tooltip\"\r\n   title=\"Comparar\">\r\n    <i class=\"fa fa-plus\"><\/i>\r\n<\/a>\r\n<\/div><div class=\"ere__loop-property-badge ere__lpb-featured-label\">\r\n            <span class=\"ere__loop-property-badge-item ere__featured\">\r\n    <span class=\"ere__lpbi-inner\">\r\n        Destacados    <\/span>\r\n<\/span>\r\n    <\/div>\r\n<div class=\"ere__loop-property-badge ere__lpb-status\">\r\n                    <span class=\"ere__loop-property-badge-item ere__term-status renta\" >\r\n            <span class=\"ere__lpbi-inner\">\r\n                Renta            <\/span>\r\n        <\/span>\r\n    <\/div>\r\n<a class=\"property-link\" href=\"https:\/\/araninmobiliaria.com.mx\/?property=departamento-en-renta-amueblado-en-planta-alta-en-camino-real-zapopan-jal\" title=\"Departamento en RENTA Amueblado en Planta Alta en Camino Real, Zapopan, Jal.\"><\/a>\r\n<\/div>\r\n\r\n\t\t<div class=\"property-item-content\">\n\t\t\t<div class=\"property-heading\">\n                <h2 class=\"property-title\">\n    <a href=\"https:\/\/araninmobiliaria.com.mx\/?property=departamento-en-renta-amueblado-en-planta-alta-en-camino-real-zapopan-jal\" title=\"Departamento en RENTA Amueblado en Planta Alta en Camino Real, Zapopan, Jal.\">Departamento en RENTA Amueblado en Planta Alta en Camino Real, Zapopan, Jal.<\/a>\n<\/h2>\n\t<span class=\"property-price ere__loop-property-price\">\n\t\t\t\t$14,700\t\t\t<\/span>\n\t\t\t<\/div>\n            <div class=\"property-element-inline\">\r\n    <div class=\"property-type-list\"><i class=\"fa fa-tag\"><\/i><a href=\"https:\/\/araninmobiliaria.com.mx\/?property-type=departamento\" rel=\"tag\">Departamento<\/a><\/div><div class=\"property-date\">\r\n    <i class=\"fa fa-calendar\"><\/i>\r\n    Hace 8 meses <\/div>\r\n<\/div>\r\n<div class=\"property-excerpt\">\r\n    <p>DEPARTAMENTO EN RENTA &#8211; 1 HABITACI\u00d3N &#8211; Ubicaci\u00f3n: Calle El Carmen #268, Col. Camino Real, Zapopan, Jal. &#8211; Precio: $13,500 MXN (incluye agua, luz e internet) &#8211; Caracteristicas: 30m2 de terreno y construcci\u00f3n 1 recamara con cl\u00f3set 1 ba\u00f1o completo<\/p>\n<\/div>\r\n<div class=\"ere__loop-property-info property-info layout-1\">\r\n    <div class=\"property-info-inner\">\r\n        <div class=\"ere__loop-property-info-item property-area\" data-toggle=\"tooltip\" title=\"Tama\u00f1o\">\r\n    <i class=\"fa fa-arrows\"><\/i>\r\n    <div class=\"ere__lpi-content\">\r\n        <span class=\"ere__lpi-value\">30 m<sup>2<\/sup><\/span>\r\n        <span class=\"ere__lpi-label\">Tama\u00f1o<\/span>\r\n    <\/div>\r\n<\/div>\r\n\r\n<div class=\"ere__loop-property-info-item property-bedrooms\" data-toggle=\"tooltip\" title=\"1 Dormitorio\">\r\n    <i class=\"fa fa-hotel\"><\/i>\r\n    <div class=\"ere__lpi-content\">\r\n        <span class=\"ere__lpi-value\">1<\/span>\r\n        <span class=\"ere__lpi-label\">Habitaci\u00f3n<\/span>\r\n    <\/div>\r\n<\/div><div class=\"ere__loop-property-info-item property-bathrooms\" data-toggle=\"tooltip\" title=\"1 Ba\u00f1o\">\r\n    <i class=\"fa fa-bath\"><\/i>\r\n    <div class=\"ere__lpi-content\">\r\n        <span class=\"ere__lpi-value\">1<\/span>\r\n        <span class=\"ere__lpi-label\">Ba\u00f1o<\/span>\r\n    <\/div>\r\n<\/div>\r\n    <\/div>\r\n<\/div>\r\n\n\t\t<\/div>\n\t<\/div>\n<\/div>                    <div class=\"ere-item-wrap property-item mg-bottom-30 ere-property-is-featured\">\n\t<div class=\"property-inner\">\n        <div class=\"property-image\">\r\n    <img loading=\"lazy\" decoding=\"async\" width=\"330\"\r\n     height=\"180\"\r\n     src=\"https:\/\/araninmobiliaria.com.mx\/wp-content\/uploads\/2025\/09\/Imagen-de-WhatsApp-2025-09-01-a-las-21.09.05_adee20fc-330x180.jpg\"\r\n     onerror=\"this.src = 'https:\/\/araninmobiliaria.com.mx\/wp-content\/plugins\/essential-real-estate\/public\/assets\/images\/map-marker-icon.png';\"\r\n     alt=\"Departamento en Renta en Planta Baja y Primer Nivel en Camino Real, Zapopan, Jal.\"\r\n     title=\"Departamento en Renta en Planta Baja y Primer Nivel en Camino Real, Zapopan, Jal.\">\r\n\r\n<div class=\"ere__loop-property-action property-action\">\r\n    <a data-toggle=\"tooltip\"\r\n   title=\"(18) Fotos\"\r\n   data-property-id=\"6211\"\r\n   href=\"javascript:void(0)\" class=\"property-view-gallery ere__loop-property_action-item\">\r\n    <i class=\"fa fa-camera\"><\/i>\r\n<\/a>\r\n<a href=\"javascript:void(0)\" class=\"property-favorite ere__loop-property_action-item\" data-property-id=\"6211\"\r\n   data-toggle=\"tooltip\"\r\n   title=\"Agregar a favorita\"\r\n   data-title-not-favorite=\"Agregar a favorita\"\r\n   data-title-favorited=\"Es mi favorita\"\r\n   data-icon-not-favorite=\"fa fa-star-o\"\r\n   data-icon-favorited=\"fa fa-star\">\r\n    <i class=\"fa fa-star-o\"><\/i>\r\n<\/a>\r\n<a class=\"compare-property ere__loop-property_action-item\" href=\"javascript:void(0)\"\r\n   data-property-id=\"6211\" data-toggle=\"tooltip\"\r\n   title=\"Comparar\">\r\n    <i class=\"fa fa-plus\"><\/i>\r\n<\/a>\r\n<\/div><div class=\"ere__loop-property-badge ere__lpb-featured-label\">\r\n            <span class=\"ere__loop-property-badge-item ere__featured\">\r\n    <span class=\"ere__lpbi-inner\">\r\n        Destacados    <\/span>\r\n<\/span>\r\n    <\/div>\r\n<div class=\"ere__loop-property-badge ere__lpb-status\">\r\n                    <span class=\"ere__loop-property-badge-item ere__term-status renta\" >\r\n            <span class=\"ere__lpbi-inner\">\r\n                Renta            <\/span>\r\n        <\/span>\r\n    <\/div>\r\n<a class=\"property-link\" href=\"https:\/\/araninmobiliaria.com.mx\/?property=departamento-en-renta-en-planta-baja-y-primer-nivel-en-camino-real-zapopan-jal\" title=\"Departamento en Renta en Planta Baja y Primer Nivel en Camino Real, Zapopan, Jal.\"><\/a>\r\n<\/div>\r\n\r\n\t\t<div class=\"property-item-content\">\n\t\t\t<div class=\"property-heading\">\n                <h2 class=\"property-title\">\n    <a href=\"https:\/\/araninmobiliaria.com.mx\/?property=departamento-en-renta-en-planta-baja-y-primer-nivel-en-camino-real-zapopan-jal\" title=\"Departamento en Renta en Planta Baja y Primer Nivel en Camino Real, Zapopan, Jal.\">Departamento en Renta en Planta Baja y Primer Nivel en Camino Real, Zapopan, Jal.<\/a>\n<\/h2>\n\t<span class=\"property-price ere__loop-property-price\">\n\t\t\t\t$18,700\t\t\t<\/span>\n\t\t\t<\/div>\n            <div class=\"property-location ere__loop-property-location\" title=\"Calle El Carmen 268 Col. Camino Real\">\n\t<i class=\"fa fa-map-marker\"><\/i>\n\t<a target=\"_blank\" href=\"http:\/\/maps.google.com\/?q=Calle%20El%20Carmen%20268%20Col.%20Camino%20Real\"><span>Calle El Carmen 268 Col. Camino Real<\/span><\/a>\n<\/div>\n<div class=\"property-element-inline\">\r\n    <div class=\"property-type-list\"><i class=\"fa fa-tag\"><\/i><a href=\"https:\/\/araninmobiliaria.com.mx\/?property-type=departamento\" rel=\"tag\">Departamento<\/a><\/div><div class=\"property-date\">\r\n    <i class=\"fa fa-calendar\"><\/i>\r\n    Hace 8 meses <\/div>\r\n<\/div>\r\n<div class=\"property-excerpt\">\r\n    <p>DEPARTAMENTO EN RENTA &#8211; 2 HABITACIONES &#8211; Ubicaci\u00f3n: Calle El Carmen #268, Col. Camino Real, Zapopan, Jal. &#8211; Precio: $18,700 MXN &#8211; Caracteristicas: 80m2 de terreno y construcci\u00f3n 2 recamaras cada una con cl\u00f3set 1 ba\u00f1o completo y 1 medio<\/p>\n<\/div>\r\n<div class=\"ere__loop-property-info property-info layout-1\">\r\n    <div class=\"property-info-inner\">\r\n        <div class=\"ere__loop-property-info-item property-area\" data-toggle=\"tooltip\" title=\"Tama\u00f1o\">\r\n    <i class=\"fa fa-arrows\"><\/i>\r\n    <div class=\"ere__lpi-content\">\r\n        <span class=\"ere__lpi-value\">80 m<sup>2<\/sup><\/span>\r\n        <span class=\"ere__lpi-label\">Tama\u00f1o<\/span>\r\n    <\/div>\r\n<\/div>\r\n\r\n<div class=\"ere__loop-property-info-item property-bedrooms\" data-toggle=\"tooltip\" title=\"2 Dormitorios\">\r\n    <i class=\"fa fa-hotel\"><\/i>\r\n    <div class=\"ere__lpi-content\">\r\n        <span class=\"ere__lpi-value\">2<\/span>\r\n        <span class=\"ere__lpi-label\">Habitaci\u00f3n<\/span>\r\n    <\/div>\r\n<\/div><div class=\"ere__loop-property-info-item property-bathrooms\" data-toggle=\"tooltip\" title=\"1.5 Ba\u00f1o\">\r\n    <i class=\"fa fa-bath\"><\/i>\r\n    <div class=\"ere__lpi-content\">\r\n        <span class=\"ere__lpi-value\">1.5<\/span>\r\n        <span class=\"ere__lpi-label\">Ba\u00f1o<\/span>\r\n    <\/div>\r\n<\/div>\r\n    <\/div>\r\n<\/div>\r\n\n\t\t<\/div>\n\t<\/div>\n<\/div>                    <div class=\"ere-item-wrap property-item mg-bottom-30 ere-property-is-featured\">\n\t<div class=\"property-inner\">\n        <div class=\"property-image\">\r\n    <img loading=\"lazy\" decoding=\"async\" width=\"330\"\r\n     height=\"180\"\r\n     src=\"https:\/\/araninmobiliaria.com.mx\/wp-content\/uploads\/2025\/09\/Imagen-de-WhatsApp-2025-09-01-a-las-21.07.12_eaf17cef-330x180.jpg\"\r\n     onerror=\"this.src = 'https:\/\/araninmobiliaria.com.mx\/wp-content\/plugins\/essential-real-estate\/public\/assets\/images\/map-marker-icon.png';\"\r\n     alt=\"Departamento en Renta en Camino Real, Zapopan, Jal.\"\r\n     title=\"Departamento en Renta en Camino Real, Zapopan, Jal.\">\r\n\r\n<div class=\"ere__loop-property-action property-action\">\r\n    <a data-toggle=\"tooltip\"\r\n   title=\"(20) Fotos\"\r\n   data-property-id=\"6231\"\r\n   href=\"javascript:void(0)\" class=\"property-view-gallery ere__loop-property_action-item\">\r\n    <i class=\"fa fa-camera\"><\/i>\r\n<\/a>\r\n<a href=\"javascript:void(0)\" class=\"property-favorite ere__loop-property_action-item\" data-property-id=\"6231\"\r\n   data-toggle=\"tooltip\"\r\n   title=\"Agregar a favorita\"\r\n   data-title-not-favorite=\"Agregar a favorita\"\r\n   data-title-favorited=\"Es mi favorita\"\r\n   data-icon-not-favorite=\"fa fa-star-o\"\r\n   data-icon-favorited=\"fa fa-star\">\r\n    <i class=\"fa fa-star-o\"><\/i>\r\n<\/a>\r\n<a class=\"compare-property ere__loop-property_action-item\" href=\"javascript:void(0)\"\r\n   data-property-id=\"6231\" data-toggle=\"tooltip\"\r\n   title=\"Comparar\">\r\n    <i class=\"fa fa-plus\"><\/i>\r\n<\/a>\r\n<\/div><div class=\"ere__loop-property-badge ere__lpb-featured-label\">\r\n            <span class=\"ere__loop-property-badge-item ere__featured\">\r\n    <span class=\"ere__lpbi-inner\">\r\n        Destacados    <\/span>\r\n<\/span>\r\n    <\/div>\r\n<div class=\"ere__loop-property-badge ere__lpb-status\">\r\n                    <span class=\"ere__loop-property-badge-item ere__term-status renta\" >\r\n            <span class=\"ere__lpbi-inner\">\r\n                Renta            <\/span>\r\n        <\/span>\r\n    <\/div>\r\n<a class=\"property-link\" href=\"https:\/\/araninmobiliaria.com.mx\/?property=departamento-en-renta-en-camino-real-zapopan-jal\" title=\"Departamento en Renta en Camino Real, Zapopan, Jal.\"><\/a>\r\n<\/div>\r\n\r\n\t\t<div class=\"property-item-content\">\n\t\t\t<div class=\"property-heading\">\n                <h2 class=\"property-title\">\n    <a href=\"https:\/\/araninmobiliaria.com.mx\/?property=departamento-en-renta-en-camino-real-zapopan-jal\" title=\"Departamento en Renta en Camino Real, Zapopan, Jal.\">Departamento en Renta en Camino Real, Zapopan, Jal.<\/a>\n<\/h2>\n\t<span class=\"property-price ere__loop-property-price\">\n\t\t\t\t$24,300\t\t\t<\/span>\n\t\t\t<\/div>\n            <div class=\"property-location ere__loop-property-location\" title=\"Calle El Carmen 268 Col. Camino Real\">\n\t<i class=\"fa fa-map-marker\"><\/i>\n\t<a target=\"_blank\" href=\"http:\/\/maps.google.com\/?q=Calle%20El%20Carmen%20268%20Col.%20Camino%20Real\"><span>Calle El Carmen 268 Col. Camino Real<\/span><\/a>\n<\/div>\n<div class=\"property-element-inline\">\r\n    <div class=\"property-type-list\"><i class=\"fa fa-tag\"><\/i><a href=\"https:\/\/araninmobiliaria.com.mx\/?property-type=departamento\" rel=\"tag\">Departamento<\/a><\/div><div class=\"property-date\">\r\n    <i class=\"fa fa-calendar\"><\/i>\r\n    Hace 8 meses <\/div>\r\n<\/div>\r\n<div class=\"property-excerpt\">\r\n    <p>DEPARTAMENTO EN RENTA &#8211; 3 HABITACIONES &#8211; Ubicaci\u00f3n: Calle El Carmen #268, Col. Camino Real, Zapopan, Jal. &#8211; Precio: $24,300 MXN &#8211; Caracteristicas: 100m2 de terreno y construcci\u00f3n 3 recamaras cada una con cl\u00f3set 2 ba\u00f1os completos y 1 medio<\/p>\n<\/div>\r\n<div class=\"ere__loop-property-info property-info layout-1\">\r\n    <div class=\"property-info-inner\">\r\n        <div class=\"ere__loop-property-info-item property-area\" data-toggle=\"tooltip\" title=\"Tama\u00f1o\">\r\n    <i class=\"fa fa-arrows\"><\/i>\r\n    <div class=\"ere__lpi-content\">\r\n        <span class=\"ere__lpi-value\">100 m<sup>2<\/sup><\/span>\r\n        <span class=\"ere__lpi-label\">Tama\u00f1o<\/span>\r\n    <\/div>\r\n<\/div>\r\n\r\n<div class=\"ere__loop-property-info-item property-bedrooms\" data-toggle=\"tooltip\" title=\"3 Dormitorios\">\r\n    <i class=\"fa fa-hotel\"><\/i>\r\n    <div class=\"ere__lpi-content\">\r\n        <span class=\"ere__lpi-value\">3<\/span>\r\n        <span class=\"ere__lpi-label\">Habitaci\u00f3n<\/span>\r\n    <\/div>\r\n<\/div><div class=\"ere__loop-property-info-item property-bathrooms\" data-toggle=\"tooltip\" title=\"2.5 Ba\u00f1os\">\r\n    <i class=\"fa fa-bath\"><\/i>\r\n    <div class=\"ere__lpi-content\">\r\n        <span class=\"ere__lpi-value\">2.5<\/span>\r\n        <span class=\"ere__lpi-label\">Ba\u00f1o<\/span>\r\n    <\/div>\r\n<\/div>\r\n    <\/div>\r\n<\/div>\r\n\n\t\t<\/div>\n\t<\/div>\n<\/div>                    <div class=\"ere-item-wrap property-item mg-bottom-30 ere-property-is-featured\">\n\t<div class=\"property-inner\">\n        <div class=\"property-image\">\r\n    <img loading=\"lazy\" decoding=\"async\" width=\"330\"\r\n     height=\"180\"\r\n     src=\"https:\/\/araninmobiliaria.com.mx\/wp-content\/uploads\/2025\/11\/Imagen-de-WhatsApp-2025-11-13-a-las-17.30.58_38817fd2-330x180.jpg\"\r\n     onerror=\"this.src = 'https:\/\/araninmobiliaria.com.mx\/wp-content\/plugins\/essential-real-estate\/public\/assets\/images\/map-marker-icon.png';\"\r\n     alt=\"RINCONADA DEL PARQUE CASA AMUEBLADA EN RENTA\"\r\n     title=\"RINCONADA DEL PARQUE CASA AMUEBLADA EN RENTA\">\r\n\r\n<div class=\"ere__loop-property-action property-action\">\r\n    <a data-toggle=\"tooltip\"\r\n   title=\"(26) Fotos\"\r\n   data-property-id=\"6601\"\r\n   href=\"javascript:void(0)\" class=\"property-view-gallery ere__loop-property_action-item\">\r\n    <i class=\"fa fa-camera\"><\/i>\r\n<\/a>\r\n<a href=\"javascript:void(0)\" class=\"property-favorite ere__loop-property_action-item\" data-property-id=\"6601\"\r\n   data-toggle=\"tooltip\"\r\n   title=\"Agregar a favorita\"\r\n   data-title-not-favorite=\"Agregar a favorita\"\r\n   data-title-favorited=\"Es mi favorita\"\r\n   data-icon-not-favorite=\"fa fa-star-o\"\r\n   data-icon-favorited=\"fa fa-star\">\r\n    <i class=\"fa fa-star-o\"><\/i>\r\n<\/a>\r\n<a class=\"compare-property ere__loop-property_action-item\" href=\"javascript:void(0)\"\r\n   data-property-id=\"6601\" data-toggle=\"tooltip\"\r\n   title=\"Comparar\">\r\n    <i class=\"fa fa-plus\"><\/i>\r\n<\/a>\r\n<\/div><div class=\"ere__loop-property-badge ere__lpb-featured-label\">\r\n            <span class=\"ere__loop-property-badge-item ere__featured\">\r\n    <span class=\"ere__lpbi-inner\">\r\n        Destacados    <\/span>\r\n<\/span>\r\n    <\/div>\r\n<div class=\"ere__loop-property-badge ere__lpb-status\">\r\n                    <span class=\"ere__loop-property-badge-item ere__term-status renta\" >\r\n            <span class=\"ere__lpbi-inner\">\r\n                Renta            <\/span>\r\n        <\/span>\r\n    <\/div>\r\n<a class=\"property-link\" href=\"https:\/\/araninmobiliaria.com.mx\/?property=rinconada-del-parque-casa-amueblada-en-renta\" title=\"RINCONADA DEL PARQUE CASA AMUEBLADA EN RENTA\"><\/a>\r\n<\/div>\r\n\r\n\t\t<div class=\"property-item-content\">\n\t\t\t<div class=\"property-heading\">\n                <h2 class=\"property-title\">\n    <a href=\"https:\/\/araninmobiliaria.com.mx\/?property=rinconada-del-parque-casa-amueblada-en-renta\" title=\"RINCONADA DEL PARQUE CASA AMUEBLADA EN RENTA\">RINCONADA DEL PARQUE CASA AMUEBLADA EN RENTA<\/a>\n<\/h2>\n    <span class=\"property-price ere__loop-property-price\">\n\t\tPrice on call\t<\/span>\n\t\t\t<\/div>\n            <div class=\"property-element-inline\">\r\n    <div class=\"property-type-list\"><i class=\"fa fa-tag\"><\/i><a href=\"https:\/\/araninmobiliaria.com.mx\/?property-type=casa\" rel=\"tag\">Casa<\/a><\/div><div class=\"property-date\">\r\n    <i class=\"fa fa-calendar\"><\/i>\r\n    Hace 5 meses <\/div>\r\n<\/div>\r\n<div class=\"property-excerpt\">\r\n    <p>\u00a1Casa Amueblada en renta de Rinconada del Parque! Casa Amueblada en Renta muy cerca del Parque Metropolitano de Zapopan \u00bfBuscas un hogar que te inspire cada d\u00eda? \u00a1Esta es tu oportunidad de estrenar vida en uno de los fraccionamientos m\u00e1s<\/p>\n<\/div>\r\n<div class=\"ere__loop-property-info property-info layout-1\">\r\n    <div class=\"property-info-inner\">\r\n        <div class=\"ere__loop-property-info-item property-area\" data-toggle=\"tooltip\" title=\"Tama\u00f1o\">\r\n    <i class=\"fa fa-arrows\"><\/i>\r\n    <div class=\"ere__lpi-content\">\r\n        <span class=\"ere__lpi-value\">245 m<sup>2<\/sup><\/span>\r\n        <span class=\"ere__lpi-label\">Tama\u00f1o<\/span>\r\n    <\/div>\r\n<\/div>\r\n\r\n<div class=\"ere__loop-property-info-item property-bedrooms\" data-toggle=\"tooltip\" title=\"3 Dormitorios\">\r\n    <i class=\"fa fa-hotel\"><\/i>\r\n    <div class=\"ere__lpi-content\">\r\n        <span class=\"ere__lpi-value\">3<\/span>\r\n        <span class=\"ere__lpi-label\">Habitaci\u00f3n<\/span>\r\n    <\/div>\r\n<\/div><div class=\"ere__loop-property-info-item property-bathrooms\" data-toggle=\"tooltip\" title=\"2.5 Ba\u00f1os\">\r\n    <i class=\"fa fa-bath\"><\/i>\r\n    <div class=\"ere__lpi-content\">\r\n        <span class=\"ere__lpi-value\">2.5<\/span>\r\n        <span class=\"ere__lpi-label\">Ba\u00f1o<\/span>\r\n    <\/div>\r\n<\/div>\r\n    <\/div>\r\n<\/div>\r\n\n\t\t<\/div>\n\t<\/div>\n<\/div>                    <div class=\"ere-item-wrap property-item mg-bottom-30 ere-property-is-featured\">\n\t<div class=\"property-inner\">\n        <div class=\"property-image\">\r\n    <img loading=\"lazy\" decoding=\"async\" width=\"330\"\r\n     height=\"180\"\r\n     src=\"https:\/\/araninmobiliaria.com.mx\/wp-content\/uploads\/2025\/10\/Imagen-de-WhatsApp-2025-09-15-a-las-12.08.51_4e88619e-330x180.jpg\"\r\n     onerror=\"this.src = 'https:\/\/araninmobiliaria.com.mx\/wp-content\/plugins\/essential-real-estate\/public\/assets\/images\/map-marker-icon.png';\"\r\n     alt=\"VALLE IMPERIAL CASA EN RENTA\"\r\n     title=\"VALLE IMPERIAL CASA EN RENTA\">\r\n\r\n<div class=\"ere__loop-property-action property-action\">\r\n    <a data-toggle=\"tooltip\"\r\n   title=\"(25) Fotos\"\r\n   data-property-id=\"6340\"\r\n   href=\"javascript:void(0)\" class=\"property-view-gallery ere__loop-property_action-item\">\r\n    <i class=\"fa fa-camera\"><\/i>\r\n<\/a>\r\n<a href=\"javascript:void(0)\" class=\"property-favorite ere__loop-property_action-item\" data-property-id=\"6340\"\r\n   data-toggle=\"tooltip\"\r\n   title=\"Agregar a favorita\"\r\n   data-title-not-favorite=\"Agregar a favorita\"\r\n   data-title-favorited=\"Es mi favorita\"\r\n   data-icon-not-favorite=\"fa fa-star-o\"\r\n   data-icon-favorited=\"fa fa-star\">\r\n    <i class=\"fa fa-star-o\"><\/i>\r\n<\/a>\r\n<a class=\"compare-property ere__loop-property_action-item\" href=\"javascript:void(0)\"\r\n   data-property-id=\"6340\" data-toggle=\"tooltip\"\r\n   title=\"Comparar\">\r\n    <i class=\"fa fa-plus\"><\/i>\r\n<\/a>\r\n<\/div><div class=\"ere__loop-property-badge ere__lpb-featured-label\">\r\n            <span class=\"ere__loop-property-badge-item ere__featured\">\r\n    <span class=\"ere__lpbi-inner\">\r\n        Destacados    <\/span>\r\n<\/span>\r\n    <\/div>\r\n<div class=\"ere__loop-property-badge ere__lpb-status\">\r\n                    <span class=\"ere__loop-property-badge-item ere__term-status renta\" >\r\n            <span class=\"ere__lpbi-inner\">\r\n                Renta            <\/span>\r\n        <\/span>\r\n    <\/div>\r\n<a class=\"property-link\" href=\"https:\/\/araninmobiliaria.com.mx\/?property=valle-imperial-casa-en-renta\" title=\"VALLE IMPERIAL CASA EN RENTA\"><\/a>\r\n<\/div>\r\n\r\n\t\t<div class=\"property-item-content\">\n\t\t\t<div class=\"property-heading\">\n                <h2 class=\"property-title\">\n    <a href=\"https:\/\/araninmobiliaria.com.mx\/?property=valle-imperial-casa-en-renta\" title=\"VALLE IMPERIAL CASA EN RENTA\">VALLE IMPERIAL CASA EN RENTA<\/a>\n<\/h2>\n\t<span class=\"property-price ere__loop-property-price\">\n\t\t\t\t$34,000\t\t\t<\/span>\n\t\t\t<\/div>\n            <div class=\"property-element-inline\">\r\n    <div class=\"property-type-list\"><i class=\"fa fa-tag\"><\/i><a href=\"https:\/\/araninmobiliaria.com.mx\/?property-type=casa\" rel=\"tag\">Casa<\/a><\/div><div class=\"property-date\">\r\n    <i class=\"fa fa-calendar\"><\/i>\r\n    Hace 7 meses <\/div>\r\n<\/div>\r\n<div class=\"property-excerpt\">\r\n    <p>Casa en Renta en Valle Imperial \u2013 Zapopan Vive con Estilo y Seguridad en el Coto Alem\u00e1n \u00a1Tu Nuevo Hogar Te Espera! Precio: $34,000 MXN (incluye mantenimiento) Ubicaci\u00f3n: Fraccionamiento Valle Imperial, Zapopan \u2013 Coto Alem\u00e1n, Casa 94 Caracter\u00edsticas Generales Superficie<\/p>\n<\/div>\r\n<div class=\"ere__loop-property-info property-info layout-1\">\r\n    <div class=\"property-info-inner\">\r\n        <div class=\"ere__loop-property-info-item property-area\" data-toggle=\"tooltip\" title=\"Tama\u00f1o\">\r\n    <i class=\"fa fa-arrows\"><\/i>\r\n    <div class=\"ere__lpi-content\">\r\n        <span class=\"ere__lpi-value\">290 m<sup>2<\/sup><\/span>\r\n        <span class=\"ere__lpi-label\">Tama\u00f1o<\/span>\r\n    <\/div>\r\n<\/div>\r\n\r\n<div class=\"ere__loop-property-info-item property-bedrooms\" data-toggle=\"tooltip\" title=\"4 Dormitorios\">\r\n    <i class=\"fa fa-hotel\"><\/i>\r\n    <div class=\"ere__lpi-content\">\r\n        <span class=\"ere__lpi-value\">4<\/span>\r\n        <span class=\"ere__lpi-label\">Habitaci\u00f3n<\/span>\r\n    <\/div>\r\n<\/div><div class=\"ere__loop-property-info-item property-bathrooms\" data-toggle=\"tooltip\" title=\"4 Ba\u00f1os\">\r\n    <i class=\"fa fa-bath\"><\/i>\r\n    <div class=\"ere__lpi-content\">\r\n        <span class=\"ere__lpi-value\">4<\/span>\r\n        <span class=\"ere__lpi-label\">Ba\u00f1o<\/span>\r\n    <\/div>\r\n<\/div>\r\n    <\/div>\r\n<\/div>\r\n\n\t\t<\/div>\n\t<\/div>\n<\/div>                                            <\/div>\n                        <\/div>\n<\/div>\n\n[vc_empty_space][vc_btn title=\u00bbVer todos los inmuebles\u00bb align=\u00bbcenter\u00bb css=\u00bb\u00bb link=\u00bburl:https%3A%2F%2Faraninmobiliaria.com.mx%2F%3Fpage_id%3D4218&#8243; el_id=\u00bbboton1&#8243; el_class=\u00bbboton1&#8243;][\/vc_column][\/vc_row]<\/p>\n<\/div>","protected":false},"excerpt":{"rendered":"<p>[vc_row][vc_column][vc_empty_space height=\u00bb25px\u00bb][vc_empty_space][vc_custom_heading text=\u00bbPropiedades en Venta\u00bb font_container=\u00bbtag:h1|text_align:center|color:%236f253c\u00bb use_theme_fonts=\u00bbyes\u00bb css=\u00bb\u00bb][vc_empty_space][vc_empty_space][vc_btn title=\u00bbVer todos los inmuebles\u00bb color=\u00bbmulled-wine\u00bb align=\u00bbcenter\u00bb css=\u00bb.vc_custom_1718146908208{border-color: #6f253c !important;}\u00bb link=\u00bburl:https%3A%2F%2Faraninmobiliaria.com.mx%2F%3Fpage_id%3D4217&#8243; el_id=\u00bbboton1&#8243; el_class=\u00bbboton1&#8243;][vc_empty_space][\/vc_column][\/vc_row][vc_row][vc_column][vc_empty_space][\/vc_column][\/vc_row][vc_row][vc_column][vc_separator color=\u00bbcustom\u00bb css=\u00bb\u00bb accent_color=\u00bb#6f253c\u00bb][vc_empty_space][vc_custom_heading text=\u00bbPropiedades en Renta\u00bb font_container=\u00bbtag:h1|text_align:center|color:%236f253c\u00bb use_theme_fonts=\u00bbyes\u00bb css=\u00bb\u00bb][vc_empty_space][vc_empty_space][vc_btn title=\u00bbVer todos los inmuebles\u00bb align=\u00bbcenter\u00bb css=\u00bb\u00bb link=\u00bburl:https%3A%2F%2Faraninmobiliaria.com.mx%2F%3Fpage_id%3D4218&#8243; el_id=\u00bbboton1&#8243; el_class=\u00bbboton1&#8243;][\/vc_column][\/vc_row]<\/p>\n","protected":false},"author":1,"featured_media":0,"parent":0,"menu_order":0,"comment_status":"closed","ping_status":"closed","template":"","meta":{"_monsterinsights_skip_tracking":false,"_monsterinsights_sitenote_active":false,"_monsterinsights_sitenote_note":"","_monsterinsights_sitenote_category":0,"_joinchat":[],"footnotes":""},"class_list":["post-4202","page","type-page","status-publish","hentry"],"aioseo_notices":[],"_links":{"self":[{"href":"https:\/\/araninmobiliaria.com.mx\/index.php?rest_route=\/wp\/v2\/pages\/4202","targetHints":{"allow":["GET"]}}],"collection":[{"href":"https:\/\/araninmobiliaria.com.mx\/index.php?rest_route=\/wp\/v2\/pages"}],"about":[{"href":"https:\/\/araninmobiliaria.com.mx\/index.php?rest_route=\/wp\/v2\/types\/page"}],"author":[{"embeddable":true,"href":"https:\/\/araninmobiliaria.com.mx\/index.php?rest_route=\/wp\/v2\/users\/1"}],"replies":[{"embeddable":true,"href":"https:\/\/araninmobiliaria.com.mx\/index.php?rest_route=%2Fwp%2Fv2%2Fcomments&post=4202"}],"version-history":[{"count":16,"href":"https:\/\/araninmobiliaria.com.mx\/index.php?rest_route=\/wp\/v2\/pages\/4202\/revisions"}],"predecessor-version":[{"id":4422,"href":"https:\/\/araninmobiliaria.com.mx\/index.php?rest_route=\/wp\/v2\/pages\/4202\/revisions\/4422"}],"wp:attachment":[{"href":"https:\/\/araninmobiliaria.com.mx\/index.php?rest_route=%2Fwp%2Fv2%2Fmedia&parent=4202"}],"curies":[{"name":"wp","href":"https:\/\/api.w.org\/{rel}","templated":true}]}}